{"id":13959,"date":"2021-10-13T15:37:46","date_gmt":"2021-10-13T14:37:46","guid":{"rendered":"https:\/\/observatorioigualdadyempleo.es\/?post_type=downloads&#038;p=13959"},"modified":"2025-02-27T10:52:21","modified_gmt":"2025-02-27T09:52:21","slug":"campana-mujeresrurales2021fm-situacion-de-las-mujeres-rurales-en-espana","status":"publish","type":"downloads","link":"http:\/\/activat9-cp344.wordpresstemporal.com\/observatorio_igualdad_y_empleo\/downloads\/campana-mujeresrurales2021fm-situacion-de-las-mujeres-rurales-en-espana\/","title":{"rendered":"Campa\u00f1a #MujeresRurales2021FM: Situaci\u00f3n de las mujeres rurales en Espa\u00f1a."},"content":{"rendered":"<p>Hoja informativa sobre la situaci\u00f3n de las mujeres rurales en Espa\u00f1a. <span style=\"font-weight: 400;\">Publicaci\u00f3n realizada para la campa\u00f1a<\/span> <span style=\"font-weight: 400;\">#MujerRural2021FM <\/span><span style=\"font-weight: 400;\">con motivo del 15 de octubre, D\u00eda Internacional de las Mujeres Rurales, dentro del marco del proyecto DANA+, financiado por el Fondo Social Europeo \u2013 Programa Operativo de Inclusi\u00f3n Social y Econom\u00eda que se desarrolla entre 2019 y 2023, y dentro del proyecto EI Empleo, financiado por el Ministerio de Derechos Sociales y Agenda 2030.<\/span><\/p>\n","protected":false},"excerpt":{"rendered":"<p>Hoja informativa sobre la situaci\u00f3n de las mujeres rurales en Espa\u00f1a. Publicaci\u00f3n realizada para la campa\u00f1a #MujerRural2021FM con motivo del 15 de octubre, D\u00eda Internacional de las Mujeres Rurales, dentro del marco del proyecto DANA+, financiado por el Fondo Social<span class=\"excerpt-hellip\"> [\u2026]<\/span><\/p>\n","protected":false},"author":12,"featured_media":14848,"template":"","categorias_downloads":[1217,1218,791,340],"etiquetas_downloads":[861,963,991,996,1002,1008,1032],"class_list":["post-13959","downloads","type-downloads","status-publish","has-post-thumbnail","hentry","categorias_downloads-empleo-hojas-informativas","categorias_downloads-emprendimiento-hojas-informativas","categorias_downloads-hojas-informativas","categorias_downloads-materiales-fm","etiquetas_downloads-861","etiquetas_downloads-desempleo","etiquetas_downloads-empleo","etiquetas_downloads-emprendimiento","etiquetas_downloads-enfoque-de-genero","etiquetas_downloads-espana","etiquetas_downloads-fundacion-mujeres"],"yoast_head":"<!-- This site is optimized with the Yoast SEO plugin v27.5 - https:\/\/yoast.com\/product\/yoast-seo-wordpress\/ -->\n<title>Campa\u00f1a #MujeresRurales2021FM: Situaci\u00f3n de las mujeres rurales en Espa\u00f1a. - Observatorio de Igualdad y Empleo<\/title>\n<meta name=\"robots\" content=\"index, follow, max-snippet:-1, max-image-preview:large, max-video-preview:-1\" \/>\n<link rel=\"canonical\" href=\"http:\/\/activat9-cp344.wordpresstemporal.com\/observatorio_igualdad_y_empleo\/downloads\/campana-mujeresrurales2021fm-situacion-de-las-mujeres-rurales-en-espana\/\" \/>\n<meta property=\"og:locale\" content=\"es_ES\" \/>\n<meta property=\"og:type\" content=\"article\" \/>\n<meta property=\"og:title\" content=\"Campa\u00f1a #MujeresRurales2021FM: Situaci\u00f3n de las mujeres rurales en Espa\u00f1a. - Observatorio de Igualdad y Empleo\" \/>\n<meta property=\"og:description\" content=\"Hoja informativa sobre la situaci\u00f3n de las mujeres rurales en Espa\u00f1a. Publicaci\u00f3n realizada para la campa\u00f1a #MujerRural2021FM con motivo del 15 de octubre, D\u00eda Internacional de las Mujeres Rurales, dentro del marco del proyecto DANA+, financiado por el Fondo Social [\u2026]\" \/>\n<meta property=\"og:url\" content=\"http:\/\/activat9-cp344.wordpresstemporal.com\/observatorio_igualdad_y_empleo\/downloads\/campana-mujeresrurales2021fm-situacion-de-las-mujeres-rurales-en-espana\/\" \/>\n<meta property=\"og:site_name\" content=\"Observatorio de Igualdad y Empleo\" \/>\n<meta property=\"article:publisher\" content=\"https:\/\/www.facebook.com\/fundacionmujeres\" \/>\n<meta property=\"article:modified_time\" content=\"2025-02-27T09:52:21+00:00\" \/>\n<meta property=\"og:image\" content=\"http:\/\/activat9-cp344.wordpresstemporal.com\/observatorio_igualdad_y_empleo\/wp-content\/uploads\/2022\/05\/Campana-15O-2021-3.jpg\" \/>\n\t<meta property=\"og:image:width\" content=\"1850\" \/>\n\t<meta property=\"og:image:height\" content=\"1576\" \/>\n\t<meta property=\"og:image:type\" content=\"image\/jpeg\" \/>\n<meta name=\"twitter:card\" content=\"summary_large_image\" \/>\n<meta name=\"twitter:site\" content=\"@fmujeres\" \/>\n<meta name=\"twitter:label1\" content=\"Tiempo de lectura\" \/>\n\t<meta name=\"twitter:data1\" content=\"1 minuto\" \/>\n<script type=\"application\/ld+json\" class=\"yoast-schema-graph\">{\"@context\":\"https:\\\/\\\/schema.org\",\"@graph\":[{\"@type\":\"WebPage\",\"@id\":\"http:\\\/\\\/activat9-cp344.wordpresstemporal.com\\\/observatorio_igualdad_y_empleo\\\/downloads\\\/campana-mujeresrurales2021fm-situacion-de-las-mujeres-rurales-en-espana\\\/\",\"url\":\"http:\\\/\\\/activat9-cp344.wordpresstemporal.com\\\/observatorio_igualdad_y_empleo\\\/downloads\\\/campana-mujeresrurales2021fm-situacion-de-las-mujeres-rurales-en-espana\\\/\",\"name\":\"Campa\u00f1a #MujeresRurales2021FM: Situaci\u00f3n de las mujeres rurales en Espa\u00f1a. - Observatorio de Igualdad y Empleo\",\"isPartOf\":{\"@id\":\"https:\\\/\\\/observatorioigualdadyempleo.es\\\/#website\"},\"primaryImageOfPage\":{\"@id\":\"http:\\\/\\\/activat9-cp344.wordpresstemporal.com\\\/observatorio_igualdad_y_empleo\\\/downloads\\\/campana-mujeresrurales2021fm-situacion-de-las-mujeres-rurales-en-espana\\\/#primaryimage\"},\"image\":{\"@id\":\"http:\\\/\\\/activat9-cp344.wordpresstemporal.com\\\/observatorio_igualdad_y_empleo\\\/downloads\\\/campana-mujeresrurales2021fm-situacion-de-las-mujeres-rurales-en-espana\\\/#primaryimage\"},\"thumbnailUrl\":\"http:\\\/\\\/activat9-cp344.wordpresstemporal.com\\\/observatorio_igualdad_y_empleo\\\/wp-content\\\/uploads\\\/2022\\\/05\\\/Campana-15O-2021-3.jpg\",\"datePublished\":\"2021-10-13T14:37:46+00:00\",\"dateModified\":\"2025-02-27T09:52:21+00:00\",\"breadcrumb\":{\"@id\":\"http:\\\/\\\/activat9-cp344.wordpresstemporal.com\\\/observatorio_igualdad_y_empleo\\\/downloads\\\/campana-mujeresrurales2021fm-situacion-de-las-mujeres-rurales-en-espana\\\/#breadcrumb\"},\"inLanguage\":\"es\",\"potentialAction\":[{\"@type\":\"ReadAction\",\"target\":[\"http:\\\/\\\/activat9-cp344.wordpresstemporal.com\\\/observatorio_igualdad_y_empleo\\\/downloads\\\/campana-mujeresrurales2021fm-situacion-de-las-mujeres-rurales-en-espana\\\/\"]}]},{\"@type\":\"ImageObject\",\"inLanguage\":\"es\",\"@id\":\"http:\\\/\\\/activat9-cp344.wordpresstemporal.com\\\/observatorio_igualdad_y_empleo\\\/downloads\\\/campana-mujeresrurales2021fm-situacion-de-las-mujeres-rurales-en-espana\\\/#primaryimage\",\"url\":\"http:\\\/\\\/activat9-cp344.wordpresstemporal.com\\\/observatorio_igualdad_y_empleo\\\/wp-content\\\/uploads\\\/2022\\\/05\\\/Campana-15O-2021-3.jpg\",\"contentUrl\":\"http:\\\/\\\/activat9-cp344.wordpresstemporal.com\\\/observatorio_igualdad_y_empleo\\\/wp-content\\\/uploads\\\/2022\\\/05\\\/Campana-15O-2021-3.jpg\",\"width\":1850,\"height\":1576},{\"@type\":\"BreadcrumbList\",\"@id\":\"http:\\\/\\\/activat9-cp344.wordpresstemporal.com\\\/observatorio_igualdad_y_empleo\\\/downloads\\\/campana-mujeresrurales2021fm-situacion-de-las-mujeres-rurales-en-espana\\\/#breadcrumb\",\"itemListElement\":[{\"@type\":\"ListItem\",\"position\":1,\"name\":\"Portada\",\"item\":\"https:\\\/\\\/observatorioigualdadyempleo.es\\\/\"},{\"@type\":\"ListItem\",\"position\":2,\"name\":\"Campa\u00f1a #MujeresRurales2021FM: Situaci\u00f3n de las mujeres rurales en Espa\u00f1a.\"}]},{\"@type\":\"WebSite\",\"@id\":\"https:\\\/\\\/observatorioigualdadyempleo.es\\\/#website\",\"url\":\"https:\\\/\\\/observatorioigualdadyempleo.es\\\/\",\"name\":\"Observatorio de Igualdad y Empleo\",\"description\":\"Recopilatorio de conocimiento sobre igualdad  y empleo\",\"potentialAction\":[{\"@type\":\"SearchAction\",\"target\":{\"@type\":\"EntryPoint\",\"urlTemplate\":\"https:\\\/\\\/observatorioigualdadyempleo.es\\\/?s={search_term_string}\"},\"query-input\":{\"@type\":\"PropertyValueSpecification\",\"valueRequired\":true,\"valueName\":\"search_term_string\"}}],\"inLanguage\":\"es\"}]}<\/script>\n<!-- \/ Yoast SEO plugin. -->","yoast_head_json":{"title":"Campa\u00f1a #MujeresRurales2021FM: Situaci\u00f3n de las mujeres rurales en Espa\u00f1a. - Observatorio de Igualdad y Empleo","robots":{"index":"index","follow":"follow","max-snippet":"max-snippet:-1","max-image-preview":"max-image-preview:large","max-video-preview":"max-video-preview:-1"},"canonical":"http:\/\/activat9-cp344.wordpresstemporal.com\/observatorio_igualdad_y_empleo\/downloads\/campana-mujeresrurales2021fm-situacion-de-las-mujeres-rurales-en-espana\/","og_locale":"es_ES","og_type":"article","og_title":"Campa\u00f1a #MujeresRurales2021FM: Situaci\u00f3n de las mujeres rurales en Espa\u00f1a. - Observatorio de Igualdad y Empleo","og_description":"Hoja informativa sobre la situaci\u00f3n de las mujeres rurales en Espa\u00f1a. Publicaci\u00f3n realizada para la campa\u00f1a #MujerRural2021FM con motivo del 15 de octubre, D\u00eda Internacional de las Mujeres Rurales, dentro del marco del proyecto DANA+, financiado por el Fondo Social [\u2026]","og_url":"http:\/\/activat9-cp344.wordpresstemporal.com\/observatorio_igualdad_y_empleo\/downloads\/campana-mujeresrurales2021fm-situacion-de-las-mujeres-rurales-en-espana\/","og_site_name":"Observatorio de Igualdad y Empleo","article_publisher":"https:\/\/www.facebook.com\/fundacionmujeres","article_modified_time":"2025-02-27T09:52:21+00:00","og_image":[{"width":1850,"height":1576,"url":"http:\/\/activat9-cp344.wordpresstemporal.com\/observatorio_igualdad_y_empleo\/wp-content\/uploads\/2022\/05\/Campana-15O-2021-3.jpg","type":"image\/jpeg"}],"twitter_card":"summary_large_image","twitter_site":"@fmujeres","twitter_misc":{"Tiempo de lectura":"1 minuto"},"schema":{"@context":"https:\/\/schema.org","@graph":[{"@type":"WebPage","@id":"http:\/\/activat9-cp344.wordpresstemporal.com\/observatorio_igualdad_y_empleo\/downloads\/campana-mujeresrurales2021fm-situacion-de-las-mujeres-rurales-en-espana\/","url":"http:\/\/activat9-cp344.wordpresstemporal.com\/observatorio_igualdad_y_empleo\/downloads\/campana-mujeresrurales2021fm-situacion-de-las-mujeres-rurales-en-espana\/","name":"Campa\u00f1a #MujeresRurales2021FM: Situaci\u00f3n de las mujeres rurales en Espa\u00f1a. - Observatorio de Igualdad y Empleo","isPartOf":{"@id":"https:\/\/observatorioigualdadyempleo.es\/#website"},"primaryImageOfPage":{"@id":"http:\/\/activat9-cp344.wordpresstemporal.com\/observatorio_igualdad_y_empleo\/downloads\/campana-mujeresrurales2021fm-situacion-de-las-mujeres-rurales-en-espana\/#primaryimage"},"image":{"@id":"http:\/\/activat9-cp344.wordpresstemporal.com\/observatorio_igualdad_y_empleo\/downloads\/campana-mujeresrurales2021fm-situacion-de-las-mujeres-rurales-en-espana\/#primaryimage"},"thumbnailUrl":"http:\/\/activat9-cp344.wordpresstemporal.com\/observatorio_igualdad_y_empleo\/wp-content\/uploads\/2022\/05\/Campana-15O-2021-3.jpg","datePublished":"2021-10-13T14:37:46+00:00","dateModified":"2025-02-27T09:52:21+00:00","breadcrumb":{"@id":"http:\/\/activat9-cp344.wordpresstemporal.com\/observatorio_igualdad_y_empleo\/downloads\/campana-mujeresrurales2021fm-situacion-de-las-mujeres-rurales-en-espana\/#breadcrumb"},"inLanguage":"es","potentialAction":[{"@type":"ReadAction","target":["http:\/\/activat9-cp344.wordpresstemporal.com\/observatorio_igualdad_y_empleo\/downloads\/campana-mujeresrurales2021fm-situacion-de-las-mujeres-rurales-en-espana\/"]}]},{"@type":"ImageObject","inLanguage":"es","@id":"http:\/\/activat9-cp344.wordpresstemporal.com\/observatorio_igualdad_y_empleo\/downloads\/campana-mujeresrurales2021fm-situacion-de-las-mujeres-rurales-en-espana\/#primaryimage","url":"http:\/\/activat9-cp344.wordpresstemporal.com\/observatorio_igualdad_y_empleo\/wp-content\/uploads\/2022\/05\/Campana-15O-2021-3.jpg","contentUrl":"http:\/\/activat9-cp344.wordpresstemporal.com\/observatorio_igualdad_y_empleo\/wp-content\/uploads\/2022\/05\/Campana-15O-2021-3.jpg","width":1850,"height":1576},{"@type":"BreadcrumbList","@id":"http:\/\/activat9-cp344.wordpresstemporal.com\/observatorio_igualdad_y_empleo\/downloads\/campana-mujeresrurales2021fm-situacion-de-las-mujeres-rurales-en-espana\/#breadcrumb","itemListElement":[{"@type":"ListItem","position":1,"name":"Portada","item":"https:\/\/observatorioigualdadyempleo.es\/"},{"@type":"ListItem","position":2,"name":"Campa\u00f1a #MujeresRurales2021FM: Situaci\u00f3n de las mujeres rurales en Espa\u00f1a."}]},{"@type":"WebSite","@id":"https:\/\/observatorioigualdadyempleo.es\/#website","url":"https:\/\/observatorioigualdadyempleo.es\/","name":"Observatorio de Igualdad y Empleo","description":"Recopilatorio de conocimiento sobre igualdad  y empleo","potentialAction":[{"@type":"SearchAction","target":{"@type":"EntryPoint","urlTemplate":"https:\/\/observatorioigualdadyempleo.es\/?s={search_term_string}"},"query-input":{"@type":"PropertyValueSpecification","valueRequired":true,"valueName":"search_term_string"}}],"inLanguage":"es"}]}},"_links":{"self":[{"href":"http:\/\/activat9-cp344.wordpresstemporal.com\/observatorio_igualdad_y_empleo\/wp-json\/wp\/v2\/downloads\/13959","targetHints":{"allow":["GET"]}}],"collection":[{"href":"http:\/\/activat9-cp344.wordpresstemporal.com\/observatorio_igualdad_y_empleo\/wp-json\/wp\/v2\/downloads"}],"about":[{"href":"http:\/\/activat9-cp344.wordpresstemporal.com\/observatorio_igualdad_y_empleo\/wp-json\/wp\/v2\/types\/downloads"}],"author":[{"embeddable":true,"href":"http:\/\/activat9-cp344.wordpresstemporal.com\/observatorio_igualdad_y_empleo\/wp-json\/wp\/v2\/users\/12"}],"wp:featuredmedia":[{"embeddable":true,"href":"http:\/\/activat9-cp344.wordpresstemporal.com\/observatorio_igualdad_y_empleo\/wp-json\/wp\/v2\/media\/14848"}],"wp:attachment":[{"href":"http:\/\/activat9-cp344.wordpresstemporal.com\/observatorio_igualdad_y_empleo\/wp-json\/wp\/v2\/media?parent=13959"}],"wp:term":[{"taxonomy":"categorias_downloads","embeddable":true,"href":"http:\/\/activat9-cp344.wordpresstemporal.com\/observatorio_igualdad_y_empleo\/wp-json\/wp\/v2\/categorias_downloads?post=13959"},{"taxonomy":"etiquetas_downloads","embeddable":true,"href":"http:\/\/activat9-cp344.wordpresstemporal.com\/observatorio_igualdad_y_empleo\/wp-json\/wp\/v2\/etiquetas_downloads?post=13959"}],"curies":[{"name":"wp","href":"https:\/\/api.w.org\/{rel}","templated":true}]}}